{"id":10045,"date":"2023-02-14T14:07:39","date_gmt":"2023-02-14T13:07:39","guid":{"rendered":"https:\/\/back-on-track.eu\/?page_id=10045"},"modified":"2025-03-24T15:09:44","modified_gmt":"2025-03-24T14:09:44","slug":"schweiz","status":"publish","type":"page","link":"https:\/\/back-on-track.eu\/de\/schweiz\/","title":{"rendered":"Schweizer Gruppe"},"content":{"rendered":"\n<p>Auch dank des Engagements unserer Schweizer Gruppe ist die SBB in das Nachtzuggesch\u00e4ft der \u00d6BB eingestiegen und Z\u00fcrich wurde zum ersten Nightjet-Hub ausserhalb \u00d6sterreichs. Aber es gibt noch viel zu tun: Z\u00fcrich-Barcelona, Z\u00fcrich-Rom und viele andere Ziele stehen auf der Agenda.<\/p>\n\n\n\n<p>Der Verein <strong>Back-on-Track Switzerland<\/strong> wurde am 20. Oktober 2023 mit den Vorstandsmitgliedern Sibylle Trenck-Germann und Carlo Severini gegr\u00fcndet. Wir kooperieren mit <a href=\"https:\/\/www.umverkehr.ch\/taxonomy\/term\/115\" target=\"_blank\" rel=\"noreferrer noopener\">umverkehR<\/a>, einem unabh\u00e4ngigen Verein in der Schweiz mit rund 40.000 Unterst\u00fctzer*innen, der sich seit 1992 f\u00fcr nachhaltige Mobilit\u00e4t einsetzt.<\/p>\n\n\n\n<figure class=\"wp-block-image size-full is-resized\"><a href=\"https:\/\/back-on-track.eu\/wp-content\/uploads\/2025\/03\/Back-on-Track_Switzerland.jpg\"><img loading=\"lazy\" decoding=\"async\" width=\"1024\" height=\"768\" src=\"https:\/\/back-on-track.eu\/wp-content\/uploads\/2025\/03\/Back-on-Track_Switzerland-1024x768.jpg\" alt=\"\" class=\"wp-image-30204\" srcset=\"https:\/\/back-on-track.eu\/wp-content\/uploads\/2025\/03\/Back-on-Track_Switzerland-1024x768.jpg 1024w, https:\/\/back-on-track.eu\/wp-content\/uploads\/2025\/03\/Back-on-Track_Switzerland-300x225.jpg 300w, https:\/\/back-on-track.eu\/wp-content\/uploads\/2025\/03\/Back-on-Track_Switzerland-768x576.jpg 768w, https:\/\/back-on-track.eu\/wp-content\/uploads\/2025\/03\/Back-on-Track_Switzerland-1536x1152.jpg 1536w, https:\/\/back-on-track.eu\/wp-content\/uploads\/2025\/03\/Back-on-Track_Switzerland.jpg 2000w\" sizes=\"auto, (max-width: 1024px) 100vw, 1024px\" \/><\/a><figcaption class=\"wp-element-caption\"><em>Pyjama Party &amp; Silent Disco vom 25. Oktober 2024 am HB Z\u00fcrich mit umverkehR und Back-on-Track Switzerland<\/em><\/figcaption><\/figure>\n\n\n\n<p><\/p>\n\n\n\n<h2 class=\"wp-block-heading\">Werde Mitglied: <\/h2>\n\n\n\n<div class=\"wp-block-contact-form-7-contact-form-selector\">\n<div class=\"wpcf7 no-js\" id=\"wpcf7-f10047-o1\" lang=\"en-US\" dir=\"ltr\" data-wpcf7-id=\"10047\">\n<div class=\"screen-reader-response\"><p role=\"status\" aria-live=\"polite\" aria-atomic=\"true\"><\/p> <ul><\/ul><\/div>\n<form action=\"\/de\/wp-json\/wp\/v2\/pages\/10045#wpcf7-f10047-o1\" method=\"post\" class=\"wpcf7-form init\" aria-label=\"Contact form\" novalidate=\"novalidate\" data-status=\"init\">\n<fieldset class=\"hidden-fields-container\"><input type=\"hidden\" name=\"_wpcf7\" value=\"10047\" \/><input type=\"hidden\" name=\"_wpcf7_version\" value=\"6.1.5\" \/><input type=\"hidden\" name=\"_wpcf7_locale\" value=\"en_US\" \/><input type=\"hidden\" name=\"_wpcf7_unit_tag\" value=\"wpcf7-f10047-o1\" \/><input type=\"hidden\" name=\"_wpcf7_container_post\" value=\"0\" \/><input type=\"hidden\" name=\"_wpcf7_posted_data_hash\" value=\"\" \/><input type=\"hidden\" name=\"_wpcf7cf_hidden_group_fields\" value=\"[]\" \/><input type=\"hidden\" name=\"_wpcf7cf_hidden_groups\" value=\"[]\" \/><input type=\"hidden\" name=\"_wpcf7cf_visible_groups\" value=\"[]\" \/><input type=\"hidden\" name=\"_wpcf7cf_repeaters\" value=\"[]\" \/><input type=\"hidden\" name=\"_wpcf7cf_steps\" value=\"{}\" \/><input type=\"hidden\" name=\"_wpcf7cf_options\" value=\"{&quot;form_id&quot;:10047,&quot;conditions&quot;:[],&quot;settings&quot;:{&quot;animation&quot;:&quot;yes&quot;,&quot;animation_intime&quot;:200,&quot;animation_outtime&quot;:200,&quot;conditions_ui&quot;:&quot;normal&quot;,&quot;notice_dismissed&quot;:false,&quot;notice_dismissed_rollback-cf7-5.9.2&quot;:true}}\" \/>\n<\/fieldset>\n<p><b>Ja, ich m\u00f6chte die Schweizer Back on Track Gruppe unterst\u00fctzen<\/b>\n<\/p>\n<input class=\"wpcf7-form-control wpcf7-hidden\" value=\"1\" type=\"hidden\" name=\"your-contact_type\" \/>\n<input class=\"wpcf7-form-control wpcf7-hidden\" value=\"Swiss Group Membership Application\" type=\"hidden\" name=\"your-subject\" \/>\n<input class=\"wpcf7-form-control wpcf7-hidden\" value=\"Undisclosed\" type=\"hidden\" name=\"your-name\" \/>\n<p>Dein Vorname*\n<\/p>\n<p><span class=\"wpcf7-form-control-wrap\" data-name=\"your-firstname\"><input size=\"40\" maxlength=\"400\" class=\"wpcf7-form-control wpcf7-text wpcf7-validates-as-required\" aria-required=\"true\" aria-invalid=\"false\" value=\"\" type=\"text\" name=\"your-firstname\" \/><\/span>\n<\/p>\n<p>Dein Nachname*\n<\/p>\n<p><span class=\"wpcf7-form-control-wrap\" data-name=\"your-lastname\"><input size=\"40\" maxlength=\"400\" class=\"wpcf7-form-control wpcf7-text wpcf7-validates-as-required\" aria-required=\"true\" aria-invalid=\"false\" value=\"\" type=\"text\" name=\"your-lastname\" \/><\/span>\n<\/p>\n<p>Deine E-Mail*\n<\/p>\n<p><span class=\"wpcf7-form-control-wrap\" data-name=\"your-email\"><input size=\"40\" maxlength=\"400\" class=\"wpcf7-form-control wpcf7-email wpcf7-validates-as-required wpcf7-text wpcf7-validates-as-email\" aria-required=\"true\" aria-invalid=\"false\" value=\"\" type=\"email\" name=\"your-email\" \/><\/span>\n<\/p>\n<p>Deine Postleitzahl*\n<\/p>\n<p><span class=\"wpcf7-form-control-wrap\" data-name=\"your-homeaddress_postcode\"><input size=\"40\" maxlength=\"400\" class=\"wpcf7-form-control wpcf7-text wpcf7-validates-as-required\" aria-required=\"true\" aria-invalid=\"false\" value=\"\" type=\"text\" name=\"your-homeaddress_postcode\" \/><\/span>\n<\/p>\n<p>Deine Telefon-Nummer\n<\/p>\n<p><span class=\"wpcf7-form-control-wrap\" data-name=\"your-phone\"><input size=\"40\" maxlength=\"400\" class=\"wpcf7-form-control wpcf7-tel wpcf7-text wpcf7-validates-as-tel\" aria-invalid=\"false\" value=\"\" type=\"tel\" name=\"your-phone\" \/><\/span>\n<\/p>\n<p>Deine Sprachpr\u00e4ferenz*\n<\/p>\n<p><span class=\"wpcf7-form-control-wrap\" data-name=\"your-language_preferred\"><select class=\"wpcf7-form-control wpcf7-select wpcf7-validates-as-required\" aria-required=\"true\" aria-invalid=\"false\" name=\"your-language_preferred\"><option value=\"Deutsch\">Deutsch<\/option><option value=\"Fran\u00e7ais\">Fran\u00e7ais<\/option><option value=\"Italiano\">Italiano<\/option><\/select><\/span>\n<\/p>\n<p><span class=\"wpcf7-form-control-wrap\" data-name=\"your-consent\"><span class=\"wpcf7-form-control wpcf7-acceptance\"><span class=\"wpcf7-list-item\"><label><input type=\"checkbox\" name=\"your-consent\" value=\"1\" aria-invalid=\"false\" \/><span class=\"wpcf7-list-item-label\">Ich akzeptiere die Satzung und die Verarbeitung meiner Daten in der Mitgliederdatenbank.*<\/span><\/label><\/span><\/span><\/span>\n<\/p>\n<p>* = Ben\u00f6tigte Angaben\n<\/p>\n<p><input class=\"wpcf7-form-control wpcf7-submit has-spinner\" type=\"submit\" value=\"Absenden\" \/>\n<\/p><p style=\"display: none !important;\" class=\"akismet-fields-container\" data-prefix=\"_wpcf7_ak_\"><label>&#916;<textarea name=\"_wpcf7_ak_hp_textarea\" cols=\"45\" rows=\"8\" maxlength=\"100\"><\/textarea><\/label><input type=\"hidden\" id=\"ak_js_1\" name=\"_wpcf7_ak_js\" value=\"211\"\/><script>\ndocument.getElementById( \"ak_js_1\" ).setAttribute( \"value\", ( new Date() ).getTime() );\n<\/script>\n<\/p><div class=\"wpcf7-response-output\" aria-hidden=\"true\"><\/div>\n<\/form>\n<\/div>\n<\/div>\n","protected":false},"excerpt":{"rendered":"<p>Auch dank des Engagements unserer Schweizer Gruppe ist die SBB in das Nachtzuggesch\u00e4ft der \u00d6BB eingestiegen und Z\u00fcrich wurde zum ersten Nightjet-Hub ausserhalb \u00d6sterreichs. Aber es gibt noch viel zu tun: Z\u00fcrich-Barcelona, Z\u00fcrich-Rom und viele andere Ziele stehen auf der Agenda. Der Verein Back-on-Track Switzerland wurde am 20. Oktober 2023 mit den Vorstandsmitgliedern Sibylle Trenck-Germann&hellip;&nbsp;<a href=\"https:\/\/back-on-track.eu\/de\/schweiz\/\" rel=\"bookmark\">Mehr lesen &raquo;<span class=\"screen-reader-text\">Schweizer Gruppe<\/span><\/a><\/p>\n","protected":false},"author":14,"featured_media":0,"parent":0,"menu_order":0,"comment_status":"closed","ping_status":"closed","template":"","meta":{"_acf_changed":false,"inline_featured_image":false,"neve_meta_sidebar":"","neve_meta_container":"contained","neve_meta_enable_content_width":"on","neve_meta_content_width":70,"neve_meta_title_alignment":"","neve_meta_author_avatar":"","neve_post_elements_order":"","neve_meta_disable_header":"","neve_meta_disable_footer":"","neve_meta_disable_title":"","neve_meta_reading_time":"","_themeisle_gutenberg_block_has_review":false,"_ti_tpc_template_sync":false,"_ti_tpc_template_id":"","footnotes":""},"class_list":["post-10045","page","type-page","status-publish","hentry"],"acf":[],"_links":{"self":[{"href":"https:\/\/back-on-track.eu\/de\/wp-json\/wp\/v2\/pages\/10045","targetHints":{"allow":["GET"]}}],"collection":[{"href":"https:\/\/back-on-track.eu\/de\/wp-json\/wp\/v2\/pages"}],"about":[{"href":"https:\/\/back-on-track.eu\/de\/wp-json\/wp\/v2\/types\/page"}],"author":[{"embeddable":true,"href":"https:\/\/back-on-track.eu\/de\/wp-json\/wp\/v2\/users\/14"}],"replies":[{"embeddable":true,"href":"https:\/\/back-on-track.eu\/de\/wp-json\/wp\/v2\/comments?post=10045"}],"version-history":[{"count":28,"href":"https:\/\/back-on-track.eu\/de\/wp-json\/wp\/v2\/pages\/10045\/revisions"}],"predecessor-version":[{"id":30405,"href":"https:\/\/back-on-track.eu\/de\/wp-json\/wp\/v2\/pages\/10045\/revisions\/30405"}],"wp:attachment":[{"href":"https:\/\/back-on-track.eu\/de\/wp-json\/wp\/v2\/media?parent=10045"}],"curies":[{"name":"wp","href":"https:\/\/api.w.org\/{rel}","templated":true}]}}