{"id":18209,"date":"2024-06-20T08:42:42","date_gmt":"2024-06-20T06:42:42","guid":{"rendered":"https:\/\/back-on-track.eu\/?page_id=18209"},"modified":"2025-10-10T17:21:48","modified_gmt":"2025-10-10T15:21:48","slug":"bringen-wir-die-nachtzuge-zuruck-aufs-gleis","status":"publish","type":"page","link":"https:\/\/back-on-track.eu\/pl\/","title":{"rendered":"Przywr\u00f3\u0107my nocne poci\u0105gi na tory!"},"content":{"rendered":"\n<figure class=\"wp-block-pullquote has-nv-dark-bg-color has-nv-text-dark-bg-background-color has-text-color has-background has-small-font-size\" style=\"border-style:none;border-width:0px;border-radius:16px\"><blockquote><p>Jeste\u015bmy zaanga\u017cowani w tworzenie wi\u0119kszej liczby, lepszych i przyst\u0119pniejszych cenowo <strong>#poci\u0105g\u00f3w nocnych<\/strong> &#8211; zdecydowanie najbardziej przyjaznego dla klimatu sposobu podr\u00f3\u017cowania na d\u0142u\u017cszych dystansach w Europie w zrelaksowany spos\u00f3b. Jeste\u015bmy niezale\u017cn\u0105 europejsk\u0105 sieci\u0105, dzia\u0142aj\u0105c\u0105 na zasadzie wolontariatu, z grupami w dziewi\u0119ciu krajach. Zosta\u0144 <strong>cz\u0142onkiem<\/strong> i do\u0142\u0105cz do nas &#8211; lub wesprzyj nas niewielkim wk\u0142adem!<\/p><cite><strong><a href=\"https:\/\/back-on-track.eu\/de\/unsere-forderungen\/\">Przeczytaj nasze stanowisko<\/a><\/strong><\/cite><\/blockquote><\/figure>\n\n\n\n<div class=\"wp-block-buttons is-content-justification-center is-layout-flex wp-container-core-buttons-is-layout-16018d1d wp-block-buttons-is-layout-flex\">\n<div class=\"wp-block-button is-style-secondary\"><a class=\"wp-block-button__link wp-element-button\" href=\"https:\/\/back-on-track.eu\/pl\/polska\/\">grupa POLSKA<\/a><\/div>\n<\/div>\n\n\n\n<h2 class=\"wp-block-heading\">Wiadomo\u015bci<\/h2>\n\n\n<ul class=\"wp-block-latest-posts__list is-grid columns-3 has-dates wp-block-latest-posts\"><li><div class=\"wp-block-latest-posts__featured-image\"><a href=\"https:\/\/back-on-track.eu\/pl\/sweden-orders-talgo-nighttrains\/\" aria-label=\"Szwecja zamawia poci\u0105gi nocne firmy Talgo\"><img loading=\"lazy\" decoding=\"async\" width=\"1024\" height=\"576\" src=\"https:\/\/back-on-track.eu\/wp-content\/uploads\/2026\/04\/20260420_Trafikverket_ny_nattag_cTalgo_-1-1024x576.jpeg\" class=\"attachment-large size-large wp-post-image\" alt=\"Outside Visualisation featuring a bended catenary :)\" style=\"\" srcset=\"https:\/\/back-on-track.eu\/wp-content\/uploads\/2026\/04\/20260420_Trafikverket_ny_nattag_cTalgo_-1-1024x576.jpeg 1024w, https:\/\/back-on-track.eu\/wp-content\/uploads\/2026\/04\/20260420_Trafikverket_ny_nattag_cTalgo_-1-300x169.jpeg 300w, https:\/\/back-on-track.eu\/wp-content\/uploads\/2026\/04\/20260420_Trafikverket_ny_nattag_cTalgo_-1-768x432.jpeg 768w, https:\/\/back-on-track.eu\/wp-content\/uploads\/2026\/04\/20260420_Trafikverket_ny_nattag_cTalgo_-1.jpeg 1280w\" sizes=\"auto, (max-width: 1024px) 100vw, 1024px\" \/><\/a><\/div><a class=\"wp-block-latest-posts__post-title\" href=\"https:\/\/back-on-track.eu\/pl\/sweden-orders-talgo-nighttrains\/\">Szwecja zamawia poci\u0105gi nocne firmy Talgo<\/a><time datetime=\"2026-04-21T14:21:11+02:00\" class=\"wp-block-latest-posts__post-date\">2026-04-21<\/time><div class=\"wp-block-latest-posts__post-excerpt\">20 kwietnia 2026 r. Szwedzka Administracja Transportowa (Trafikverket) i hiszpa\u0144ski producent poci\u0105g\u00f3w podpisa\u0142y umow\u0119 na dostaw\u0119 i obs\u0142ug\u0119 techniczn\u0105 nowej floty poci\u0105g\u00f3w nocnych, kt\u00f3ra ma zast\u0105pi\u0107 starzej\u0105cy si\u0119 tabor \u2013 to w\u0142a\u015bnie&hellip;&nbsp;<a href=\"https:\/\/back-on-track.eu\/pl\/sweden-orders-talgo-nighttrains\/\" rel=\"bookmark\">Read More &raquo;<span class=\"screen-reader-text\">Szwecja zamawia poci\u0105gi nocne firmy Talgo<\/span><\/a><\/div><\/li>\n<li><div class=\"wp-block-latest-posts__featured-image\"><a href=\"https:\/\/back-on-track.eu\/pl\/porazka-dla-pociagow-nocnych-obb-tnie-zamowienia-w-obliczu-trwajacych-wyzwan-zwiazanych-z-koordynacja-ue\/\" aria-label=\"Pora\u017cka dla poci\u0105g\u00f3w nocnych: \u00d6BB tnie zam\u00f3wienia w obliczu trwaj\u0105cych wyzwa\u0144 zwi\u0105zanych z koordynacj\u0105 UE\"><img loading=\"lazy\" decoding=\"async\" width=\"800\" height=\"449\" src=\"https:\/\/back-on-track.eu\/wp-content\/uploads\/2023\/11\/NJnG-Thumb_SB8.jpg\" class=\"attachment-large size-large wp-post-image\" alt=\"\" style=\"\" srcset=\"https:\/\/back-on-track.eu\/wp-content\/uploads\/2023\/11\/NJnG-Thumb_SB8.jpg 800w, https:\/\/back-on-track.eu\/wp-content\/uploads\/2023\/11\/NJnG-Thumb_SB8-300x168.jpg 300w, https:\/\/back-on-track.eu\/wp-content\/uploads\/2023\/11\/NJnG-Thumb_SB8-768x431.jpg 768w\" sizes=\"auto, (max-width: 800px) 100vw, 800px\" \/><\/a><\/div><a class=\"wp-block-latest-posts__post-title\" href=\"https:\/\/back-on-track.eu\/pl\/porazka-dla-pociagow-nocnych-obb-tnie-zamowienia-w-obliczu-trwajacych-wyzwan-zwiazanych-z-koordynacja-ue\/\">Pora\u017cka dla poci\u0105g\u00f3w nocnych: \u00d6BB tnie zam\u00f3wienia w obliczu trwaj\u0105cych wyzwa\u0144 zwi\u0105zanych z koordynacj\u0105 UE<\/a><time datetime=\"2025-07-12T10:13:59+02:00\" class=\"wp-block-latest-posts__post-date\">2025-07-12<\/time><div class=\"wp-block-latest-posts__post-excerpt\">Wczoraj najwi\u0119kszy operator poci\u0105g\u00f3w nocnych w UE, \u00d6BB, og\u0142osi\u0142, \u017ce zmniejszy swoje zam\u00f3wienie na nowe poci\u0105gi nocne z 33 do 24.Jest to kolejny wyra\u017any znak, \u017ce obecne ramy UE dla poci\u0105g\u00f3w nocnych&hellip;&nbsp;<a href=\"https:\/\/back-on-track.eu\/pl\/porazka-dla-pociagow-nocnych-obb-tnie-zamowienia-w-obliczu-trwajacych-wyzwan-zwiazanych-z-koordynacja-ue\/\" rel=\"bookmark\">Read More &raquo;<span class=\"screen-reader-text\">Pora\u017cka dla poci\u0105g\u00f3w nocnych: \u00d6BB tnie zam\u00f3wienia w obliczu trwaj\u0105cych wyzwa\u0144 zwi\u0105zanych z koordynacj\u0105 UE<\/span><\/a><\/div><\/li>\n<li><div class=\"wp-block-latest-posts__featured-image\"><a href=\"https:\/\/back-on-track.eu\/pl\/potencjal-pociagow-nocnych-w-zakresie-redukcji-globalnego-ocieplenia\/\" aria-label=\"Potencja\u0142 poci\u0105g\u00f3w nocnych w zakresie redukcji globalnego ocieplenia\"><img loading=\"lazy\" decoding=\"async\" width=\"1024\" height=\"614\" src=\"https:\/\/back-on-track.eu\/wp-content\/uploads\/2022\/09\/gwp_of_nighttrains_2022_cover-1-e1676726465473-1024x614.jpg\" class=\"attachment-large size-large wp-post-image\" alt=\"\" style=\"\" srcset=\"https:\/\/back-on-track.eu\/wp-content\/uploads\/2022\/09\/gwp_of_nighttrains_2022_cover-1-e1676726465473-1024x614.jpg 1024w, https:\/\/back-on-track.eu\/wp-content\/uploads\/2022\/09\/gwp_of_nighttrains_2022_cover-1-e1676726465473-300x180.jpg 300w, https:\/\/back-on-track.eu\/wp-content\/uploads\/2022\/09\/gwp_of_nighttrains_2022_cover-1-e1676726465473-768x461.jpg 768w, https:\/\/back-on-track.eu\/wp-content\/uploads\/2022\/09\/gwp_of_nighttrains_2022_cover-1-e1676726465473.jpg 1500w\" sizes=\"auto, (max-width: 1024px) 100vw, 1024px\" \/><\/a><\/div><a class=\"wp-block-latest-posts__post-title\" href=\"https:\/\/back-on-track.eu\/pl\/potencjal-pociagow-nocnych-w-zakresie-redukcji-globalnego-ocieplenia\/\">Potencja\u0142 poci\u0105g\u00f3w nocnych w zakresie redukcji globalnego ocieplenia<\/a><time datetime=\"2025-06-27T08:51:33+02:00\" class=\"wp-block-latest-posts__post-date\">2025-06-27<\/time><div class=\"wp-block-latest-posts__post-excerpt\">Poci\u0105gi nocne mog\u0105 ograniczy\u0107 3% ca\u0142kowitej emisji gaz\u00f3w cieplarnianych w UE Wed\u0142ug bada\u0144 opinii publicznej 7 na 10 Europejczyk\u00f3w by\u0142oby sk\u0142onnych skorzysta\u0107 z nocnego poci\u0105gu zamiast samolotu, gdyby oferta wydawa\u0142a im si\u0119&hellip;&nbsp;<a href=\"https:\/\/back-on-track.eu\/pl\/potencjal-pociagow-nocnych-w-zakresie-redukcji-globalnego-ocieplenia\/\" rel=\"bookmark\">Read More &raquo;<span class=\"screen-reader-text\">Potencja\u0142 poci\u0105g\u00f3w nocnych w zakresie redukcji globalnego ocieplenia<\/span><\/a><\/div><\/li>\n<li><div class=\"wp-block-latest-posts__featured-image\"><a href=\"https:\/\/back-on-track.eu\/pl\/nocne-pociagi-nox-wiecej-niz-tylko-nowa-koncepcja-kabiny\/\" aria-label=\"Nocne poci\u0105gi Nox: Wi\u0119cej ni\u017c tylko nowa koncepcja kabiny.\"><img loading=\"lazy\" decoding=\"async\" width=\"1024\" height=\"576\" src=\"https:\/\/back-on-track.eu\/wp-content\/uploads\/2025\/06\/Network_Nox_horizontal_cut-1024x576.png\" class=\"attachment-large size-large wp-post-image\" alt=\"\" style=\"\" srcset=\"https:\/\/back-on-track.eu\/wp-content\/uploads\/2025\/06\/Network_Nox_horizontal_cut-1024x576.png 1024w, https:\/\/back-on-track.eu\/wp-content\/uploads\/2025\/06\/Network_Nox_horizontal_cut-300x169.png 300w, https:\/\/back-on-track.eu\/wp-content\/uploads\/2025\/06\/Network_Nox_horizontal_cut-768x432.png 768w, https:\/\/back-on-track.eu\/wp-content\/uploads\/2025\/06\/Network_Nox_horizontal_cut-1536x864.png 1536w, https:\/\/back-on-track.eu\/wp-content\/uploads\/2025\/06\/Network_Nox_horizontal_cut.png 1600w\" sizes=\"auto, (max-width: 1024px) 100vw, 1024px\" \/><\/a><\/div><a class=\"wp-block-latest-posts__post-title\" href=\"https:\/\/back-on-track.eu\/pl\/nocne-pociagi-nox-wiecej-niz-tylko-nowa-koncepcja-kabiny\/\">Nocne poci\u0105gi Nox: Wi\u0119cej ni\u017c tylko nowa koncepcja kabiny.<\/a><time datetime=\"2025-06-11T17:38:44+02:00\" class=\"wp-block-latest-posts__post-date\">2025-06-11<\/time><div class=\"wp-block-latest-posts__post-excerpt\">Na pierwszy rzut oka koncepcja nocnego poci\u0105gu zaprezentowana przez francusko-niemiecki duet za\u0142o\u017cycielski pod mark\u0105 &#8222;Nox&#8221; (\u0142ac. &#8222;noc&#8221;) 10 czerwca 2025 r. przypomina start-up Midnight Trains, kt\u00f3ry zako\u0144czy\u0142 dzia\u0142alno\u015b\u0107 w 2024 roku. Mapa&hellip;&nbsp;<a href=\"https:\/\/back-on-track.eu\/pl\/nocne-pociagi-nox-wiecej-niz-tylko-nowa-koncepcja-kabiny\/\" rel=\"bookmark\">Read More &raquo;<span class=\"screen-reader-text\">Nocne poci\u0105gi Nox: Wi\u0119cej ni\u017c tylko nowa koncepcja kabiny.<\/span><\/a><\/div><\/li>\n<li><div class=\"wp-block-latest-posts__featured-image\"><a href=\"https:\/\/back-on-track.eu\/pl\/nowy-nocny-pociag-z-pragi-nad-morze-baltyckie\/\" aria-label=\"Nowy nocny poci\u0105g z Pragi nad Morze Ba\u0142tyckie\"><img loading=\"lazy\" decoding=\"async\" width=\"1024\" height=\"577\" src=\"https:\/\/back-on-track.eu\/wp-content\/uploads\/2025\/04\/PKP_sleeper_type_308A_CC-BY_2-0_Adam-Kilian_wikimedia_commons-1024x577.jpeg\" class=\"attachment-large size-large wp-post-image\" alt=\"A blue and white passenger train car with the logo IC PKP Intercity stands at a station platform on a cloudy day, with trees and overhead electrical wires in the background.\" style=\"\" srcset=\"https:\/\/back-on-track.eu\/wp-content\/uploads\/2025\/04\/PKP_sleeper_type_308A_CC-BY_2-0_Adam-Kilian_wikimedia_commons-1024x577.jpeg 1024w, https:\/\/back-on-track.eu\/wp-content\/uploads\/2025\/04\/PKP_sleeper_type_308A_CC-BY_2-0_Adam-Kilian_wikimedia_commons-300x169.jpeg 300w, https:\/\/back-on-track.eu\/wp-content\/uploads\/2025\/04\/PKP_sleeper_type_308A_CC-BY_2-0_Adam-Kilian_wikimedia_commons-768x433.jpeg 768w, https:\/\/back-on-track.eu\/wp-content\/uploads\/2025\/04\/PKP_sleeper_type_308A_CC-BY_2-0_Adam-Kilian_wikimedia_commons.jpeg 1200w\" sizes=\"auto, (max-width: 1024px) 100vw, 1024px\" \/><\/a><\/div><a class=\"wp-block-latest-posts__post-title\" href=\"https:\/\/back-on-track.eu\/pl\/nowy-nocny-pociag-z-pragi-nad-morze-baltyckie\/\">Nowy nocny poci\u0105g z Pragi nad Morze Ba\u0142tyckie<\/a><time datetime=\"2025-04-21T18:29:06+02:00\" class=\"wp-block-latest-posts__post-date\">2025-04-21<\/time><div class=\"wp-block-latest-posts__post-excerpt\">Na pr\u00f3b\u0119 PKP Intercity dodaje wagon sypialny do nowo uruchomionego poci\u0105gu Baltic Express Od 14 kwietnia nowe nocne po\u0142\u0105czenie na trasie Baltic Express mi\u0119dzy polskim portem morskim w Gdyni a czesk\u0105 stolic\u0105&hellip;&nbsp;<a href=\"https:\/\/back-on-track.eu\/pl\/nowy-nocny-pociag-z-pragi-nad-morze-baltyckie\/\" rel=\"bookmark\">Read More &raquo;<span class=\"screen-reader-text\">Nowy nocny poci\u0105g z Pragi nad Morze Ba\u0142tyckie<\/span><\/a><\/div><\/li>\n<li><div class=\"wp-block-latest-posts__featured-image\"><a href=\"https:\/\/back-on-track.eu\/pl\/nowe-badanie-potwierdza-potencjal-nocnych-pociagow-w-zakresie-ochrony-klimatu\/\" aria-label=\"Nowe badanie potwierdza potencja\u0142 nocnych poci\u0105g\u00f3w w zakresie ochrony klimatu.\"><img loading=\"lazy\" decoding=\"async\" width=\"1024\" height=\"577\" src=\"https:\/\/back-on-track.eu\/wp-content\/uploads\/2025\/04\/800_CC-BY_back-on-track_eu_-1-1024x577.jpeg\" class=\"attachment-large size-large wp-post-image\" alt=\"\" style=\"\" srcset=\"https:\/\/back-on-track.eu\/wp-content\/uploads\/2025\/04\/800_CC-BY_back-on-track_eu_-1-1024x577.jpeg 1024w, https:\/\/back-on-track.eu\/wp-content\/uploads\/2025\/04\/800_CC-BY_back-on-track_eu_-1-300x169.jpeg 300w, https:\/\/back-on-track.eu\/wp-content\/uploads\/2025\/04\/800_CC-BY_back-on-track_eu_-1-768x433.jpeg 768w, https:\/\/back-on-track.eu\/wp-content\/uploads\/2025\/04\/800_CC-BY_back-on-track_eu_-1.jpeg 1200w\" sizes=\"auto, (max-width: 1024px) 100vw, 1024px\" \/><\/a><\/div><a class=\"wp-block-latest-posts__post-title\" href=\"https:\/\/back-on-track.eu\/pl\/nowe-badanie-potwierdza-potencjal-nocnych-pociagow-w-zakresie-ochrony-klimatu\/\">Nowe badanie potwierdza potencja\u0142 nocnych poci\u0105g\u00f3w w zakresie ochrony klimatu.<\/a><time datetime=\"2025-04-04T16:27:33+02:00\" class=\"wp-block-latest-posts__post-date\">2025-04-04<\/time><div class=\"wp-block-latest-posts__post-excerpt\">W badaniu &#8222;Rozwa\u017cenie ekologicznej i og\u00f3lnej r\u00f3wnowagi spo\u0142ecznej nocnego transportu kolejowego w por\u00f3wnaniu intermodalnym i intramodalnym&#8221; agencja konsultingowa Ramb\u00f8ll przeanalizowa\u0142a potencja\u0142 ochrony klimatu rozszerzonej sieci poci\u0105g\u00f3w nocnych obliczonej przez Back-on-Track w imieniu&hellip;&nbsp;<a href=\"https:\/\/back-on-track.eu\/pl\/nowe-badanie-potwierdza-potencjal-nocnych-pociagow-w-zakresie-ochrony-klimatu\/\" rel=\"bookmark\">Read More &raquo;<span class=\"screen-reader-text\">Nowe badanie potwierdza potencja\u0142 nocnych poci\u0105g\u00f3w w zakresie ochrony klimatu.<\/span><\/a><\/div><\/li>\n<\/ul>\n\n<div class=\"menu-categories-container\"><ul id=\"menu-categories\" class=\"menu\"><li id=\"menu-item-10124\" class=\"menu-item menu-item-type-taxonomy menu-item-object-category menu-item-10124\"><a href=\"https:\/\/back-on-track.eu\/category\/news\/night-lines\/\">Night Train Lines<\/a><\/li>\n<li id=\"menu-item-10126\" class=\"menu-item menu-item-type-taxonomy menu-item-object-category menu-item-10126\"><a href=\"https:\/\/back-on-track.eu\/category\/news\/rolling-stock\/\">Rolling Stock<\/a><\/li>\n<li id=\"menu-item-17\" class=\"menu-item menu-item-type-taxonomy menu-item-object-category menu-item-17\"><a href=\"https:\/\/back-on-track.eu\/category\/uncategorized\/\">News<\/a><\/li>\n<li id=\"menu-item-10120\" class=\"menu-item menu-item-type-taxonomy menu-item-object-category menu-item-10120\"><a href=\"https:\/\/back-on-track.eu\/category\/actions\/\">Actions<\/a><\/li>\n<li id=\"menu-item-10122\" class=\"menu-item menu-item-type-taxonomy menu-item-object-category menu-item-10122\"><a href=\"https:\/\/back-on-track.eu\/category\/news\/publications\/\">Publications<\/a><\/li>\n<li id=\"menu-item-10380\" class=\"menu-item menu-item-type-taxonomy menu-item-object-category menu-item-10380\"><a href=\"https:\/\/back-on-track.eu\/category\/press\/\">Press releases<\/a><\/li>\n<\/ul><\/div><style>\r\n\t#menu-categories {\r\n\t\tdisplay: flex;\r\n\t\tflex-wrap: wrap;\r\n\t\tjustify-content: space-evenly;\r\n\t\tlist-style: none;\r\n\t\tgap: 10px;\r\n\t\tpadding: 0 10px;\r\n\t\tline-height: 1;\r\n\t}\r\n\tdiv:has(> #menu-categories) {\r\n\t\tbackground: #dae5f0;\r\n\t\tpadding: 1px;\r\n\t}\r\n<\/style>\n\n\n\n<h2 class=\"wp-block-heading a {font-color: #ff0000}\">Publikacje<\/h2>\n\n\n\n<div class=\"nv-cv-m wp-block-columns are-vertically-aligned-bottom is-layout-flex wp-container-core-columns-is-layout-9d6595d7 wp-block-columns-is-layout-flex\">\n<div class=\"wp-block-column is-vertically-aligned-bottom is-layout-flow wp-block-column-is-layout-flow\">\n<div class=\"wp-block-cover has-custom-content-position is-position-top-left has-medium-font-size\" style=\"min-height:360px;aspect-ratio:unset;\"><img loading=\"lazy\" decoding=\"async\" width=\"1000\" height=\"562\" class=\"wp-block-cover__image-background wp-image-16955\" alt=\"\" src=\"https:\/\/back-on-track.eu\/wp-content\/uploads\/2024\/04\/night-train-map-preview-2024-16-9-nologo.png\" style=\"object-position:0% 41%\" data-object-fit=\"cover\" data-object-position=\"0% 41%\" srcset=\"https:\/\/back-on-track.eu\/wp-content\/uploads\/2024\/04\/night-train-map-preview-2024-16-9-nologo.png 1000w, https:\/\/back-on-track.eu\/wp-content\/uploads\/2024\/04\/night-train-map-preview-2024-16-9-nologo-300x169.png 300w, https:\/\/back-on-track.eu\/wp-content\/uploads\/2024\/04\/night-train-map-preview-2024-16-9-nologo-768x432.png 768w\" sizes=\"auto, (max-width: 1000px) 100vw, 1000px\" \/><span aria-hidden=\"true\" class=\"wp-block-cover__background has-background-dim-70 has-background-dim wp-block-cover__gradient-background has-background-gradient\" style=\"background:linear-gradient(180deg,rgb(57,29,29) 11%,rgba(255,255,255,0) 29%)\"><\/span><div class=\"wp-block-cover__inner-container is-layout-flow wp-block-cover-is-layout-flow\">\n<p class=\"has-text-align-left has-nv-text-dark-bg-color has-text-color has-medium-font-size\"><a href=\"https:\/\/back-on-track.eu\/night-train-map\/\"><strong>Europejska mapa poci\u0105g\u00f3w nocnych<\/strong><\/a><\/p>\n<\/div><\/div>\n\n\n\n<p><\/p>\n<\/div>\n\n\n\n<div class=\"wp-block-column is-vertically-aligned-bottom is-layout-flow wp-block-column-is-layout-flow\">\n<div class=\"wp-block-cover is-light is-repeated has-custom-content-position is-position-top-left has-medium-font-size\" style=\"min-height:360px;aspect-ratio:unset;\"><div class=\"wp-block-cover__image-background wp-image-8456 is-repeated\" style=\"background-position:16% 40%;background-image:url(https:\/\/back-on-track.eu\/wp-content\/uploads\/2022\/09\/ghg_saving_potential_1600.jpg)\"><\/div><span aria-hidden=\"true\" class=\"wp-block-cover__background has-background-dim-10 has-background-dim wp-block-cover__gradient-background has-background-gradient\" style=\"background:linear-gradient(183deg,rgb(28,29,51) 0%,rgba(29,30,51,0.52) 100%)\"><\/span><div class=\"wp-block-cover__inner-container is-layout-flow wp-block-cover-is-layout-flow\">\n<p class=\"has-text-align-left has-nv-text-dark-bg-color has-text-color has-medium-font-size\"><a href=\"https:\/\/back-on-track.eu\/pl\/potencjal-pociagow-nocnych-w-zakresie-redukcji-globalnego-ocieplenia\/\"><strong>Potencja\u0142 klimatyczny<\/strong><\/a><br><a href=\"https:\/\/back-on-track.eu\/pl\/potencjal-pociagow-nocnych-w-zakresie-redukcji-globalnego-ocieplenia\/\"><strong>Nocnych poci\u0105g\u00f3w<\/strong><\/a><\/p>\n<\/div><\/div>\n\n\n\n<p><\/p>\n<\/div>\n<\/div>\n","protected":false},"excerpt":{"rendered":"<p>Jeste\u015bmy zaanga\u017cowani w tworzenie wi\u0119kszej liczby, lepszych i przyst\u0119pniejszych cenowo #poci\u0105g\u00f3w nocnych &#8211; zdecydowanie najbardziej przyjaznego dla klimatu sposobu podr\u00f3\u017cowania na d\u0142u\u017cszych dystansach w Europie w zrelaksowany spos\u00f3b. Jeste\u015bmy niezale\u017cn\u0105 europejsk\u0105 sieci\u0105, dzia\u0142aj\u0105c\u0105 na zasadzie wolontariatu, z grupami w dziewi\u0119ciu krajach. Zosta\u0144 cz\u0142onkiem i do\u0142\u0105cz do nas &#8211; lub wesprzyj nas niewielkim wk\u0142adem! Przeczytaj nasze&hellip;&nbsp;<a href=\"https:\/\/back-on-track.eu\/pl\/\" rel=\"bookmark\">Read More &raquo;<span class=\"screen-reader-text\">Przywr\u00f3\u0107my nocne poci\u0105gi na tory!<\/span><\/a><\/p>\n","protected":false},"author":10,"featured_media":0,"parent":0,"menu_order":0,"comment_status":"closed","ping_status":"closed","template":"","meta":{"_acf_changed":false,"inline_featured_image":false,"neve_meta_sidebar":"","neve_meta_container":"","neve_meta_enable_content_width":"","neve_meta_content_width":0,"neve_meta_title_alignment":"","neve_meta_author_avatar":"","neve_post_elements_order":"","neve_meta_disable_header":"","neve_meta_disable_footer":"","neve_meta_disable_title":"","neve_meta_reading_time":"","_themeisle_gutenberg_block_has_review":false,"_ti_tpc_template_sync":false,"_ti_tpc_template_id":"","footnotes":""},"class_list":["post-18209","page","type-page","status-publish","hentry"],"acf":[],"_links":{"self":[{"href":"https:\/\/back-on-track.eu\/pl\/wp-json\/wp\/v2\/pages\/18209","targetHints":{"allow":["GET"]}}],"collection":[{"href":"https:\/\/back-on-track.eu\/pl\/wp-json\/wp\/v2\/pages"}],"about":[{"href":"https:\/\/back-on-track.eu\/pl\/wp-json\/wp\/v2\/types\/page"}],"author":[{"embeddable":true,"href":"https:\/\/back-on-track.eu\/pl\/wp-json\/wp\/v2\/users\/10"}],"replies":[{"embeddable":true,"href":"https:\/\/back-on-track.eu\/pl\/wp-json\/wp\/v2\/comments?post=18209"}],"version-history":[{"count":11,"href":"https:\/\/back-on-track.eu\/pl\/wp-json\/wp\/v2\/pages\/18209\/revisions"}],"predecessor-version":[{"id":36670,"href":"https:\/\/back-on-track.eu\/pl\/wp-json\/wp\/v2\/pages\/18209\/revisions\/36670"}],"wp:attachment":[{"href":"https:\/\/back-on-track.eu\/pl\/wp-json\/wp\/v2\/media?parent=18209"}],"curies":[{"name":"wp","href":"https:\/\/api.w.org\/{rel}","templated":true}]}}